{"id":1888,"date":"2021-12-21T00:05:06","date_gmt":"2021-12-21T00:05:06","guid":{"rendered":"https:\/\/kuklacocukyayinlari.com\/web\/?post_type=product&#038;p=1888"},"modified":"2024-07-03T15:25:27","modified_gmt":"2024-07-03T15:25:27","slug":"cizgi-kitabim-2","status":"publish","type":"product","link":"https:\/\/kuklacocukyayinlari.com\/web\/?product=cizgi-kitabim-2","title":{"rendered":"Ak\u0131ll\u0131 \u00c7ocuklar \u00c7izgi Kitab\u0131m 5+Ya\u015f"},"content":{"rendered":"<p>5 ya\u015f, \u00e7ocuklar\u0131n yaz\u0131 yazmaya haz\u0131rl\u0131k yapt\u0131\u011f\u0131 ve kalemle \u00e7ok\u00e7a vakit ge\u00e7irdi\u011fi bir s\u00fcre\u00e7tir. Bu sebeple<br \/>\n\u00e7izgi \u00e7al\u0131\u015fmalar\u0131 okul \u00f6ncesi e\u011fitiminin vazge\u00e7ilmez bir par\u00e7as\u0131d\u0131r. Okul \u00f6ncesi m\u00fcfredat\u0131nda yer alan kavramlar\u0131n da yer ald\u0131\u011f\u0131 \u201c\u00c7izgi Kitab\u0131m\u201dla birlikte \u00e7ocuklar, e l-g\u00f6z koordinasyonu sa\u011flayacak, de\u011fi\u015fik do\u011frultudaki \u00e7izgilerden \u015fekiller olu\u015fturacak, verilen s\u00f6zel y\u00f6nergelerle sonuca ula\u015fmay\u0131 \u00f6\u011frenecek, estetik alg\u0131 ve becerilerini geli\u015ftirecekler.<\/p>\n","protected":false},"excerpt":{"rendered":"<p>5 ya\u015f, \u00e7ocuklar\u0131n yaz\u0131 yazmaya haz\u0131rl\u0131k yapt\u0131\u011f\u0131 ve kalemle \u00e7ok\u00e7a vakit ge\u00e7irdi\u011fi bir s\u00fcre\u00e7tir. Bu sebeple \u00e7izgi \u00e7al\u0131\u015fmalar\u0131 okul \u00f6ncesi e\u011fitiminin vazge\u00e7ilmez bir par\u00e7as\u0131d\u0131r. Okul \u00f6ncesi m\u00fcfredat\u0131nda yer alan kavramlar\u0131n da yer ald\u0131\u011f\u0131 \u201c\u00c7izgi Kitab\u0131m\u201dla birlikte \u00e7ocuklar, e l-g\u00f6z koordinasyonu sa\u011flayacak, de\u011fi\u015fik do\u011frultudaki \u00e7izgilerden \u015fekiller olu\u015fturacak, verilen s\u00f6zel y\u00f6nergelerle sonuca ula\u015fmay\u0131 \u00f6\u011frenecek, estetik alg\u0131 ve [&hellip;]<\/p>\n","protected":false},"featured_media":1889,"template":"","meta":[],"product_brand":[],"product_cat":[145],"product_tag":[],"class_list":{"0":"post-1888","1":"product","2":"type-product","3":"status-publish","4":"has-post-thumbnail","6":"product_cat-5-yas","8":"first","9":"instock","10":"shipping-taxable","11":"purchasable","12":"product-type-simple"},"_links":{"self":[{"href":"https:\/\/kuklacocukyayinlari.com\/web\/index.php?rest_route=\/wp\/v2\/product\/1888","targetHints":{"allow":["GET"]}}],"collection":[{"href":"https:\/\/kuklacocukyayinlari.com\/web\/index.php?rest_route=\/wp\/v2\/product"}],"about":[{"href":"https:\/\/kuklacocukyayinlari.com\/web\/index.php?rest_route=\/wp\/v2\/types\/product"}],"wp:featuredmedia":[{"embeddable":true,"href":"https:\/\/kuklacocukyayinlari.com\/web\/index.php?rest_route=\/wp\/v2\/media\/1889"}],"wp:attachment":[{"href":"https:\/\/kuklacocukyayinlari.com\/web\/index.php?rest_route=%2Fwp%2Fv2%2Fmedia&parent=1888"}],"wp:term":[{"taxonomy":"product_brand","embeddable":true,"href":"https:\/\/kuklacocukyayinlari.com\/web\/index.php?rest_route=%2Fwp%2Fv2%2Fproduct_brand&post=1888"},{"taxonomy":"product_cat","embeddable":true,"href":"https:\/\/kuklacocukyayinlari.com\/web\/index.php?rest_route=%2Fwp%2Fv2%2Fproduct_cat&post=1888"},{"taxonomy":"product_tag","embeddable":true,"href":"https:\/\/kuklacocukyayinlari.com\/web\/index.php?rest_route=%2Fwp%2Fv2%2Fproduct_tag&post=1888"}],"curies":[{"name":"wp","href":"https:\/\/api.w.org\/{rel}","templated":true}]}}